{"id":24457,"date":"2023-08-08T12:04:23","date_gmt":"2023-08-08T10:04:23","guid":{"rendered":"https:\/\/dopladebages.com\/caves\/"},"modified":"2024-02-19T09:10:53","modified_gmt":"2024-02-19T08:10:53","slug":"caves","status":"publish","type":"page","link":"https:\/\/dopladebages.com\/fr\/caves\/","title":{"rendered":"Caves"},"content":{"rendered":"<div class=\"wpb-content-wrapper\"><p>[vc_row css_animation=\u00a0\u00bb\u00a0\u00bb row_type=\u00a0\u00bbrow\u00a0\u00bb use_row_as_full_screen_section=\u00a0\u00bbno\u00a0\u00bb type=\u00a0\u00bbgrid\u00a0\u00bb angled_section=\u00a0\u00bbno\u00a0\u00bb text_align=\u00a0\u00bbleft\u00a0\u00bb background_image_as_pattern=\u00a0\u00bbwithout_pattern\u00a0\u00bb background_color=\u00a0\u00bb#ffffff\u00a0\u00bb padding_top=\u00a0\u00bb82&Prime; padding_bottom=\u00a0\u00bb0&Prime; z_index=\u00a0\u00bb\u00a0\u00bb][vc_column css=\u00a0\u00bb.vc_custom_1552472649063{padding-top: 20px !important;}\u00a0\u00bb][vc_column_text css=\u00a0\u00bb.vc_custom_1552472656428{margin-top: 60px !important;}\u00a0\u00bb]<\/p>\n<h2 style=\"text-align: center;\">Caves<\/h2>\n<p>[\/vc_column_text][vc_separator type=\u00a0\u00bbsmall\u00a0\u00bb position=\u00a0\u00bbcenter\u00a0\u00bb up=\u00a0\u00bb20&Prime; down=\u00a0\u00bb20&Prime;][vc_column_text]L&rsquo;Appellation d&rsquo;Origine Pla de Bages regroupe des caves h\u00e9riti\u00e8res de la longue tradition viticole qui fut, au XIXe si\u00e8cle, la r\u00e9gion la plus viticole de Catalogne. Ces domaines viticoles sont pour la plupart des exploitations familiales et poss\u00e8dent tous leurs propres vignes. Cela implique un soin traditionnel et tr\u00e8s personnalis\u00e9 du vignoble qui se traduit par la qualit\u00e9 de ses vins. Il existe actuellement 17 caves affili\u00e9es \u00e0 l&rsquo;Appellation d&rsquo;Origine Pla de Bages.[\/vc_column_text][\/vc_column][\/vc_row][vc_row css_animation=\u00a0\u00bb\u00a0\u00bb row_type=\u00a0\u00bbrow\u00a0\u00bb use_row_as_full_screen_section=\u00a0\u00bbno\u00a0\u00bb type=\u00a0\u00bbfull_width\u00a0\u00bb angled_section=\u00a0\u00bbno\u00a0\u00bb text_align=\u00a0\u00bbleft\u00a0\u00bb background_image_as_pattern=\u00a0\u00bbwithout_pattern\u00a0\u00bb background_color=\u00a0\u00bb#ffffff\u00a0\u00bb padding_top=\u00a0\u00bb82&Prime; padding_bottom=\u00a0\u00bb0&Prime; z_index=\u00a0\u00bb\u00a0\u00bb][vc_column css=\u00a0\u00bb.vc_custom_1552472649063{padding-top: 20px !important;}\u00a0\u00bb][vc_gmaps link=\u00a0\u00bb#E-8_JTNDaWZyYW1lJTIwc3JjJTNEJTIyaHR0cHMlM0ElMkYlMkZ3d3cuZ29vZ2xlLmNvbSUyRm1hcHMlMkZkJTJGZW1iZWQlM0ZtaWQlM0QxSFdibS1HdldOVzJwMGhja3lHdTVCbGFPdUR2S2FJWnIlMjZlaGJjJTNEMkUzMTJGJTIyJTIwd2lkdGglM0QlMjI2NDAlMjIlMjBoZWlnaHQlM0QlMjI0ODAlMjIlM0UlM0MlMkZpZnJhbWUlM0U=\u00a0\u00bb size=\u00a0\u00bb600&Prime;][vc_separator type=\u00a0\u00bbtransparent\u00a0\u00bb up=\u00a0\u00bb10&Prime; down=\u00a0\u00bb15&Prime;][\/vc_column][\/vc_row][vc_row css_animation=\u00a0\u00bb\u00a0\u00bb row_type=\u00a0\u00bbrow\u00a0\u00bb use_row_as_full_screen_section=\u00a0\u00bbno\u00a0\u00bb type=\u00a0\u00bbgrid\u00a0\u00bb angled_section=\u00a0\u00bbno\u00a0\u00bb text_align=\u00a0\u00bbleft\u00a0\u00bb background_image_as_pattern=\u00a0\u00bbwithout_pattern\u00a0\u00bb padding_top=\u00a0\u00bb80&Prime; z_index=\u00a0\u00bb\u00a0\u00bb][vc_column width=\u00a0\u00bb1\/4&Prime;][vc_hoverbox image=\u00a0\u00bb19700&Prime; primary_title=\u00a0\u00bbAbadal\u00a0\u00bb primary_title_font_container=\u00a0\u00bbfont_size:12|color:%23ffffff\u00a0\u00bb hover_title=\u00a0\u00bb\u00a0\u00bb hover_title_font_container=\u00a0\u00bbcolor:%23ffffff\u00a0\u00bb shape=\u00a0\u00bbsquare\u00a0\u00bb css_animation=\u00a0\u00bbnone\u00a0\u00bb primary_title_link=\u00a0\u00bb|||\u00a0\u00bb el_class=\u00a0\u00bbcellers\u00a0\u00bb hover_title_link=\u00a0\u00bburl:http%3A%2F%2Fabadal.net|target:%20_blank|\u00a0\u00bb]<\/p>\n<h4>Une visite incontournable, tant pour la beaut\u00e9 du domaine viticole et de ses environs que pour la qualit\u00e9 de ses vins.<\/h4>\n<p>&nbsp;<\/p>\n<h3 style=\"text-align: center;\">+ info<\/h3>\n<p>[\/vc_hoverbox][vc_separator type=\u00a0\u00bbtransparent\u00a0\u00bb up=\u00a0\u00bb10&Prime; down=\u00a0\u00bb15&Prime;][vc_hoverbox image=\u00a0\u00bb20222&Prime; primary_title=\u00a0\u00bbSanmart\u00ed\u00a0\u00bb primary_title_font_container=\u00a0\u00bbfont_size:10|color:%23ffffff\u00a0\u00bb primary_title_use_theme_fonts=\u00a0\u00bbyes\u00a0\u00bb hover_title=\u00a0\u00bb\u00a0\u00bb hover_title_font_container=\u00a0\u00bbcolor:%23ffffff\u00a0\u00bb shape=\u00a0\u00bbsquare\u00a0\u00bb css_animation=\u00a0\u00bbnone\u00a0\u00bb primary_title_link=\u00a0\u00bburl:https%3A%2F%2Fabadal.net%2F|title:%2B%20info|target:%20_blank|\u00a0\u00bb el_class=\u00a0\u00bbcellers\u00a0\u00bb hover_title_link=\u00a0\u00bburl:http%3A%2F%2Fabadal.net|target:%20_blank|\u00a0\u00bb]<\/p>\n<h4>Une cave historique, r\u00e9nov\u00e9e et adapt\u00e9e pour la production de vins de tr\u00e8s grande qualit\u00e9 avec une production limit\u00e9e.<\/h4>\n<p>&nbsp;<\/p>\n<h3 style=\"text-align: center;\"><a href=\"https:\/\/dopladebages.com\/celler-sanmarti\/\" rel=\"external\" rel=\"noopener noreferrer\">+ info<\/a><\/h3>\n<p>[\/vc_hoverbox][vc_separator type=\u00a0\u00bbtransparent\u00a0\u00bb up=\u00a0\u00bb10&Prime; down=\u00a0\u00bb15&Prime;][vc_hoverbox image=\u00a0\u00bb19478&Prime; primary_title=\u00a0\u00bbFargas Fargas\u00a0\u00bb primary_title_font_container=\u00a0\u00bbfont_size:10|color:%23ffffff\u00a0\u00bb primary_title_use_theme_fonts=\u00a0\u00bbyes\u00a0\u00bb hover_title=\u00a0\u00bb\u00a0\u00bb hover_title_font_container=\u00a0\u00bbcolor:%23ffffff\u00a0\u00bb shape=\u00a0\u00bbsquare\u00a0\u00bb css_animation=\u00a0\u00bbnone\u00a0\u00bb primary_title_link=\u00a0\u00bburl:https%3A%2F%2Fabadal.net%2F|title:%2B%20info|target:%20_blank|\u00a0\u00bb el_class=\u00a0\u00bbcellers\u00a0\u00bb hover_title_link=\u00a0\u00bburl:http%3A%2F%2Fabadal.net|target:%20_blank|\u00a0\u00bb]<\/p>\n<h4>Petite entreprise familiale d\u00e9di\u00e9e \u00e0 la culture de la vigne et \u00e0 la production de ses propres vins.<\/h4>\n<p>&nbsp;<\/p>\n<h3 style=\"text-align: center;\">+ info<\/h3>\n<p>[\/vc_hoverbox][vc_separator type=\u00a0\u00bbtransparent\u00a0\u00bb up=\u00a0\u00bb10&Prime; down=\u00a0\u00bb15&Prime;][vc_hoverbox image=\u00a0\u00bb23340&Prime; primary_title=\u00a0\u00bbMond Obert\u00a0\u00bb primary_title_font_container=\u00a0\u00bbfont_size:10|color:%23ffffff\u00a0\u00bb primary_title_use_theme_fonts=\u00a0\u00bbyes\u00a0\u00bb hover_title=\u00a0\u00bb\u00a0\u00bb hover_title_font_container=\u00a0\u00bbcolor:%23ffffff\u00a0\u00bb shape=\u00a0\u00bbsquare\u00a0\u00bb css_animation=\u00a0\u00bbnone\u00a0\u00bb primary_title_link=\u00a0\u00bburl:https%3A%2F%2Fabadal.net%2F|title:%2B%20info|target:%20_blank|\u00a0\u00bb el_class=\u00a0\u00bbcellers\u00a0\u00bb hover_title_link=\u00a0\u00bburl:http%3A%2F%2Fabadal.net|target:%20_blank|\u00a0\u00bb]<\/p>\n<h4>Une cave avec un grand int\u00e9r\u00eat pour les vari\u00e9t\u00e9s indig\u00e8nes et un engagement ferme envers l&rsquo;environnement.<\/h4>\n<p>&nbsp;<\/p>\n<h3 style=\"text-align: center;\">+ info<\/h3>\n<p>[\/vc_hoverbox][vc_separator type=\u00a0\u00bbtransparent\u00a0\u00bb up=\u00a0\u00bb10&Prime; down=\u00a0\u00bb15&Prime;][vc_hoverbox image=\u00a0\u00bb19463&Prime; primary_title=\u00a0\u00bbCaves Gibert\u00a0\u00bb primary_title_font_container=\u00a0\u00bbcolor:%23ffffff\u00a0\u00bb primary_title_use_theme_fonts=\u00a0\u00bbyes\u00a0\u00bb hover_title=\u00a0\u00bb\u00a0\u00bb hover_title_font_container=\u00a0\u00bbcolor:%23ffffff\u00a0\u00bb shape=\u00a0\u00bbsquare\u00a0\u00bb css_animation=\u00a0\u00bbnone\u00a0\u00bb primary_title_link=\u00a0\u00bburl:https%3A%2F%2Fabadal.net%2F|title:%2B%20info|\u00a0\u00bb el_class=\u00a0\u00bbcellers\u00a0\u00bb hover_title_link=\u00a0\u00bburl:http%3A%2F%2Fabadal.net|target:%20_blank|\u00a0\u00bb]<\/p>\n<h4>Fortes d&rsquo;une tradition de trois si\u00e8cles dans la production de vins, les Caves Gibert ont \u00e9t\u00e9 fond\u00e9es en 1920.<\/h4>\n<p>&nbsp;<\/p>\n<h3 style=\"text-align: center;\">+ info<\/h3>\n<p>[\/vc_hoverbox][\/vc_column][vc_column width=\u00a0\u00bb1\/4&Prime;][vc_hoverbox image=\u00a0\u00bb19466&Prime; primary_title=\u00a0\u00bbCeller Cooperatiu d&apos;Art\u00e9s &#8211; Artium\u00a0\u00bb primary_title_font_container=\u00a0\u00bbfont_size:10|color:%23ffffff\u00a0\u00bb primary_title_use_theme_fonts=\u00a0\u00bbyes\u00a0\u00bb hover_title=\u00a0\u00bb\u00a0\u00bb hover_title_font_container=\u00a0\u00bbcolor:%23ffffff\u00a0\u00bb shape=\u00a0\u00bbsquare\u00a0\u00bb css_animation=\u00a0\u00bbnone\u00a0\u00bb primary_title_link=\u00a0\u00bburl:https%3A%2F%2Fabadal.net%2F|title:%2B%20info|target:%20_blank|\u00a0\u00bb el_class=\u00a0\u00bbcellers\u00a0\u00bb hover_title_link=\u00a0\u00bburl:http%3A%2F%2Fabadal.net|target:%20_blank|\u00a0\u00bb]<\/p>\n<h4>La tradition viticole du Celler Cooperatiu d&rsquo;Art\u00e9s est l&rsquo;h\u00e9ritage ancestral qui s&rsquo;est transmis de p\u00e8re en fils \u00e0 travers le temps.<\/h4>\n<p>&nbsp;<\/p>\n<h3 style=\"text-align: center;\">+ info<\/h3>\n<p>[\/vc_hoverbox][vc_separator type=\u00a0\u00bbtransparent\u00a0\u00bb up=\u00a0\u00bb10&Prime; down=\u00a0\u00bb15&Prime;][vc_hoverbox image=\u00a0\u00bb19523&Prime; primary_title=\u00a0\u00bbCeller Collbaix El Mol\u00ed\u00a0\u00bb primary_title_font_container=\u00a0\u00bbfont_size:10|color:%23ffffff\u00a0\u00bb primary_title_use_theme_fonts=\u00a0\u00bbyes\u00a0\u00bb hover_title=\u00a0\u00bb\u00a0\u00bb hover_title_font_container=\u00a0\u00bbcolor:%23ffffff\u00a0\u00bb shape=\u00a0\u00bbsquare\u00a0\u00bb css_animation=\u00a0\u00bbnone\u00a0\u00bb primary_title_link=\u00a0\u00bburl:https%3A%2F%2Fabadal.net%2F|title:%2B%20info|target:%20_blank|\u00a0\u00bb el_class=\u00a0\u00bbcellers\u00a0\u00bb hover_title_link=\u00a0\u00bburl:http%3A%2F%2Fabadal.net|target:%20_blank|\u00a0\u00bb]<\/p>\n<h4>Quatre g\u00e9n\u00e9rations d\u00e9di\u00e9es \u00e0 la culture de la vigne, initiant une mutation vers la production biologique.<\/h4>\n<h4><\/h4>\n<h3 style=\"text-align: center;\">+ info<\/h3>\n<p>[\/vc_hoverbox][vc_separator type=\u00a0\u00bbtransparent\u00a0\u00bb up=\u00a0\u00bb10&Prime; down=\u00a0\u00bb15&Prime;][vc_hoverbox image=\u00a0\u00bb20129&Prime; primary_title=\u00a0\u00bbHeretat Oller del Mas\u00a0\u00bb primary_title_font_container=\u00a0\u00bbfont_size:10|color:%23ffffff\u00a0\u00bb primary_title_use_theme_fonts=\u00a0\u00bbyes\u00a0\u00bb hover_title=\u00a0\u00bb\u00a0\u00bb hover_title_font_container=\u00a0\u00bbcolor:%23ffffff\u00a0\u00bb shape=\u00a0\u00bbsquare\u00a0\u00bb css_animation=\u00a0\u00bbnone\u00a0\u00bb primary_title_link=\u00a0\u00bburl:https%3A%2F%2Fabadal.net%2F|title:%2B%20info|target:%20_blank|\u00a0\u00bb el_class=\u00a0\u00bbcellers\u00a0\u00bb hover_title_link=\u00a0\u00bburl:http%3A%2F%2Fabadal.net|target:%20_blank|\u00a0\u00bb]<\/p>\n<h4 style=\"text-align: left;\">Des vins \u00e9labor\u00e9s avec les valeurs que nous ont transmises nos anc\u00eatres : famille, respect de l&rsquo;environnement et engagement envers le territoire.<\/h4>\n<h3 style=\"text-align: center;\">+ info<\/h3>\n<p>[\/vc_hoverbox][vc_separator type=\u00a0\u00bbtransparent\u00a0\u00bb up=\u00a0\u00bb10&Prime; down=\u00a0\u00bb15&Prime;][vc_hoverbox image=\u00a0\u00bb19754&Prime; primary_title=\u00a0\u00bbSant Miquel d&apos;Ol\u00f3\u00a0\u00bb primary_title_font_container=\u00a0\u00bbfont_size:10|color:%23ffffff\u00a0\u00bb primary_title_use_theme_fonts=\u00a0\u00bbyes\u00a0\u00bb hover_title=\u00a0\u00bb\u00a0\u00bb hover_title_font_container=\u00a0\u00bbcolor:%23ffffff\u00a0\u00bb shape=\u00a0\u00bbsquare\u00a0\u00bb css_animation=\u00a0\u00bbnone\u00a0\u00bb primary_title_link=\u00a0\u00bburl:https%3A%2F%2Fabadal.net%2F|title:%2B%20info|target:%20_blank|\u00a0\u00bb el_class=\u00a0\u00bbcellers\u00a0\u00bb hover_title_link=\u00a0\u00bburl:http%3A%2F%2Fabadal.net|target:%20_blank|\u00a0\u00bb]<\/p>\n<div class=\"wpb_text_column wpb_content_element \">\n<div class=\"wpb_wrapper\">\n<h4>Une petite cave moderne qui produit des vins artisanaux et actuels.<\/h4>\n<\/div>\n<\/div>\n<p>&nbsp;<\/p>\n<h3 style=\"text-align: center;\">+ info<\/h3>\n<p>[\/vc_hoverbox][vc_separator type=\u00a0\u00bbtransparent\u00a0\u00bb up=\u00a0\u00bb10&Prime; down=\u00a0\u00bb15&Prime;][vc_hoverbox image=\u00a0\u00bb20582&Prime; primary_title=\u00a0\u00bbVignerons sans cave\u00a0\u00bb primary_title_font_container=\u00a0\u00bbfont_size:10|color:%23ffffff\u00a0\u00bb primary_title_use_theme_fonts=\u00a0\u00bbyes\u00a0\u00bb hover_title=\u00a0\u00bb\u00a0\u00bb hover_title_font_container=\u00a0\u00bbcolor:%23ffffff\u00a0\u00bb shape=\u00a0\u00bbsquare\u00a0\u00bb css_animation=\u00a0\u00bbnone\u00a0\u00bb primary_title_link=\u00a0\u00bburl:https%3A%2F%2Fabadal.net%2F|title:%2B%20info|target:%20_blank|\u00a0\u00bb el_class=\u00a0\u00bbcellers\u00a0\u00bb hover_title_link=\u00a0\u00bburl:http%3A%2F%2Fabadal.net|target:%20_blank|\u00a0\u00bb]<\/p>\n<h4>La diferenta<\/h4>\n<h4>Murallius<\/h4>\n<h4>Vinyes de Castellgal\u00ed<\/h4>\n<h4>Urpina<\/h4>\n<h4>Jaia<\/h4>\n<h3 style=\"text-align: center;\">+ info<\/h3>\n<p>[\/vc_hoverbox][\/vc_column][vc_column width=\u00a0\u00bb1\/4&Prime;][vc_hoverbox image=\u00a0\u00bb20324&Prime; primary_title=\u00a0\u00bbGrau i Grau\u00a0\u00bb primary_title_font_container=\u00a0\u00bbfont_size:10|color:%23ffffff\u00a0\u00bb primary_title_use_theme_fonts=\u00a0\u00bbyes\u00a0\u00bb hover_title=\u00a0\u00bb\u00a0\u00bb hover_title_font_container=\u00a0\u00bbcolor:%23ffffff\u00a0\u00bb shape=\u00a0\u00bbsquare\u00a0\u00bb css_animation=\u00a0\u00bbnone\u00a0\u00bb primary_title_link=\u00a0\u00bburl:https%3A%2F%2Fabadal.net%2F|title:%2B%20info|target:%20_blank|\u00a0\u00bb el_class=\u00a0\u00bbcellers\u00a0\u00bb hover_title_link=\u00a0\u00bburl:http%3A%2F%2Fabadal.net|target:%20_blank|\u00a0\u00bb]<\/p>\n<h4>Passion pour les vins depuis 1885, consacrant tous les efforts pour obtenir le meilleur de chaque r\u00e9colte.<\/h4>\n<p>&nbsp;<\/p>\n<h3 style=\"text-align: center;\">+ info<\/h3>\n<p>[\/vc_hoverbox][vc_separator type=\u00a0\u00bbtransparent\u00a0\u00bb up=\u00a0\u00bb10&Prime; down=\u00a0\u00bb15&Prime;][vc_hoverbox image=\u00a0\u00bb22957&Prime; primary_title=\u00a0\u00bbEntrebosc\u00a0\u00bb primary_title_font_container=\u00a0\u00bbfont_size:10|color:%23ffffff\u00a0\u00bb primary_title_use_theme_fonts=\u00a0\u00bbyes\u00a0\u00bb hover_title=\u00a0\u00bb\u00a0\u00bb hover_title_font_container=\u00a0\u00bbcolor:%23ffffff\u00a0\u00bb shape=\u00a0\u00bbsquare\u00a0\u00bb css_animation=\u00a0\u00bbnone\u00a0\u00bb primary_title_link=\u00a0\u00bburl:https%3A%2F%2Fabadal.net%2F|title:%2B%20info|target:%20_blank|\u00a0\u00bb el_class=\u00a0\u00bbcellers\u00a0\u00bb hover_title_link=\u00a0\u00bburl:http%3A%2F%2Fabadal.net|target:%20_blank|\u00a0\u00bb]<\/p>\n<h4>Ils travaillent la terre avec soin et pr\u00e9cision pour produire des micro-productions avec une conscience \u00e9cologique et une intervention minimale.<\/h4>\n<h3 style=\"text-align: center;\">+ info<\/h3>\n<p>[\/vc_hoverbox][vc_separator type=\u00a0\u00bbtransparent\u00a0\u00bb up=\u00a0\u00bb10&Prime; down=\u00a0\u00bb15&Prime;][vc_hoverbox image=\u00a0\u00bb19757&Prime; primary_title=\u00a0\u00bbLes Ac\u00e0cies\u00a0\u00bb primary_title_font_container=\u00a0\u00bbfont_size:10|color:%23ffffff\u00a0\u00bb primary_title_use_theme_fonts=\u00a0\u00bbyes\u00a0\u00bb hover_title=\u00a0\u00bb\u00a0\u00bb hover_title_font_container=\u00a0\u00bbcolor:%23ffffff\u00a0\u00bb shape=\u00a0\u00bbsquare\u00a0\u00bb css_animation=\u00a0\u00bbnone\u00a0\u00bb primary_title_link=\u00a0\u00bburl:https%3A%2F%2Fabadal.net%2F|title:%2B%20info|target:%20_blank|\u00a0\u00bb el_class=\u00a0\u00bbcellers\u00a0\u00bb hover_title_link=\u00a0\u00bburl:http%3A%2F%2Fabadal.net|target:%20_blank|\u00a0\u00bb]<\/p>\n<h4>Nous \u00e9laborons des vins dans le souci de refl\u00e9ter l&rsquo;esprit d&rsquo;une terre viticole qui produit du vin depuis mille ans.<\/h4>\n<h3 style=\"text-align: center;\">+ info<\/h3>\n<p>[\/vc_hoverbox][vc_separator type=\u00a0\u00bbtransparent\u00a0\u00bb up=\u00a0\u00bb10&Prime; down=\u00a0\u00bb15&Prime;][vc_hoverbox image=\u00a0\u00bb19832&Prime; primary_title=\u00a0\u00bbSolergibert\u00a0\u00bb primary_title_font_container=\u00a0\u00bbfont_size:10|color:%23ffffff\u00a0\u00bb primary_title_use_theme_fonts=\u00a0\u00bbyes\u00a0\u00bb hover_title=\u00a0\u00bb\u00a0\u00bb hover_title_font_container=\u00a0\u00bbcolor:%23ffffff\u00a0\u00bb shape=\u00a0\u00bbsquare\u00a0\u00bb css_animation=\u00a0\u00bbnone\u00a0\u00bb primary_title_link=\u00a0\u00bburl:https%3A%2F%2Fabadal.net%2F|title:%2B%20info|target:%20_blank|\u00a0\u00bb el_class=\u00a0\u00bbcellers\u00a0\u00bb hover_title_link=\u00a0\u00bburl:http%3A%2F%2Fabadal.net|target:%20_blank|\u00a0\u00bb]<\/p>\n<h4>Petites productions contr\u00f4l\u00e9es et de grande qualit\u00e9 d&rsquo;une famille Art\u00e9s qui se consacre \u00e0 la vigne depuis 1730.<\/h4>\n<p>&nbsp;<\/p>\n<h3 style=\"text-align: center;\">+ info<\/h3>\n<p>[\/vc_hoverbox][\/vc_column][vc_column width=\u00a0\u00bb1\/4&Prime;][vc_hoverbox image=\u00a0\u00bb23648&Prime; primary_title=\u00a0\u00bbCeller Maci\u00e0\u00a0\u00bb primary_title_font_container=\u00a0\u00bbfont_size:10|color:%23ffffff\u00a0\u00bb primary_title_use_theme_fonts=\u00a0\u00bbyes\u00a0\u00bb hover_title=\u00a0\u00bb\u00a0\u00bb hover_title_font_container=\u00a0\u00bbcolor:%23ffffff\u00a0\u00bb shape=\u00a0\u00bbsquare\u00a0\u00bb css_animation=\u00a0\u00bbnone\u00a0\u00bb primary_title_link=\u00a0\u00bburl:https%3A%2F%2Fdopladebages.com%2Fceller-macia%2F|title:%2B%20info|target:_blank|\u00a0\u00bb el_class=\u00a0\u00bbcellers\u00a0\u00bb hover_title_link=\u00a0\u00bburl:http%3A%2F%2Fabadal.net|target:%20_blank|\u00a0\u00bb]<\/p>\n<h4>Production de vin r\u00e9duite sans autre envie que de pouvoir d\u00e9guster un vin qui \u00e9veille les sens.<\/h4>\n<p>&nbsp;<\/p>\n<h3 style=\"text-align: center;\">+ info<\/h3>\n<p>[\/vc_hoverbox][vc_separator type=\u00a0\u00bbtransparent\u00a0\u00bb up=\u00a0\u00bb10&Prime; down=\u00a0\u00bb15&Prime;][vc_hoverbox image=\u00a0\u00bb19481&Prime; primary_title=\u00a0\u00bbExibis\u00a0\u00bb primary_title_font_container=\u00a0\u00bbcolor:%23ffffff\u00a0\u00bb hover_title=\u00a0\u00bb\u00a0\u00bb hover_title_font_container=\u00a0\u00bbcolor:%23ffffff\u00a0\u00bb shape=\u00a0\u00bbsquare\u00a0\u00bb css_animation=\u00a0\u00bbnone\u00a0\u00bb primary_title_link=\u00a0\u00bburl:https%3A%2F%2Fabadal.net%2F|title:%2B%20info|target:%20_blank|\u00a0\u00bb el_class=\u00a0\u00bbcellers\u00a0\u00bb hover_title_link=\u00a0\u00bburl:http%3A%2F%2Fabadal.net|target:%20_blank|\u00a0\u00bb]<\/p>\n<h4>D\u00e9sir de r\u00e9cup\u00e9rer le caract\u00e8re historique unique des vins de la r\u00e9gion, avec un engagement clair envers les anciennes vari\u00e9t\u00e9s telles que Sumoll et Mand\u00f3.<\/h4>\n<h3 style=\"text-align: center;\">+ info<\/h3>\n<p>[\/vc_hoverbox][vc_separator type=\u00a0\u00bbtransparent\u00a0\u00bb up=\u00a0\u00bb10&Prime; down=\u00a0\u00bb15&Prime;][vc_hoverbox image=\u00a0\u00bb23567&Prime; primary_title=\u00a0\u00bbM\u00e9s Que Paraules\u00a0\u00bb primary_title_font_container=\u00a0\u00bbfont_size:10|color:%23ffffff\u00a0\u00bb primary_title_use_theme_fonts=\u00a0\u00bbyes\u00a0\u00bb hover_title=\u00a0\u00bb\u00a0\u00bb hover_title_font_container=\u00a0\u00bbcolor:%23ffffff\u00a0\u00bb shape=\u00a0\u00bbsquare\u00a0\u00bb css_animation=\u00a0\u00bbnone\u00a0\u00bb primary_title_link=\u00a0\u00bburl:https%3A%2F%2Fabadal.net%2F|title:%2B%20info|target:%20_blank|\u00a0\u00bb el_class=\u00a0\u00bbcellers\u00a0\u00bb hover_title_link=\u00a0\u00bburl:http%3A%2F%2Fabadal.net|target:%20_blank|\u00a0\u00bb]<\/p>\n<h4>Cr\u00e9ativit\u00e9, travail et passion offrent un vin actuel, proche et moderne tout en conservant l&rsquo;identit\u00e9 traditionnelle de Bages.<\/h4>\n<h3 style=\"text-align: center;\">+ info<\/h3>\n<p>[\/vc_hoverbox][vc_separator type=\u00a0\u00bbtransparent\u00a0\u00bb up=\u00a0\u00bb10&Prime; down=\u00a0\u00bb15&Prime;][vc_hoverbox image=\u00a0\u00bb19484&Prime; primary_title=\u00a0\u00bbVins Colltor\u00a0\u00bb primary_title_font_container=\u00a0\u00bbfont_size:10|color:%23ffffff\u00a0\u00bb primary_title_use_theme_fonts=\u00a0\u00bbyes\u00a0\u00bb hover_title=\u00a0\u00bb\u00a0\u00bb hover_title_font_container=\u00a0\u00bbcolor:%23ffffff\u00a0\u00bb shape=\u00a0\u00bbsquare\u00a0\u00bb css_animation=\u00a0\u00bbnone\u00a0\u00bb primary_title_link=\u00a0\u00bburl:https%3A%2F%2Fabadal.net%2F|title:%2B%20info|target:%20_blank|\u00a0\u00bb el_class=\u00a0\u00bbcellers\u00a0\u00bb hover_title_link=\u00a0\u00bburl:http%3A%2F%2Fabadal.net|target:%20_blank|\u00a0\u00bb]<\/p>\n<h4>Vins Colltor est un petit domaine viticole situ\u00e9 en pleine nature, avec une m\u00e9thode de travail enti\u00e8rement artisanale et durable.<\/h4>\n<h3 style=\"text-align: center;\">+ info<\/h3>\n<p>[\/vc_hoverbox][\/vc_column][\/vc_row][vc_row css_animation=\u00a0\u00bb\u00a0\u00bb row_type=\u00a0\u00bbrow\u00a0\u00bb use_row_as_full_screen_section=\u00a0\u00bbno\u00a0\u00bb type=\u00a0\u00bbgrid\u00a0\u00bb angled_section=\u00a0\u00bbno\u00a0\u00bb text_align=\u00a0\u00bbleft\u00a0\u00bb background_image_as_pattern=\u00a0\u00bbwithout_pattern\u00a0\u00bb z_index=\u00a0\u00bb\u00a0\u00bb][vc_column][vc_separator type=\u00a0\u00bbtransparent\u00a0\u00bb up=\u00a0\u00bb10&Prime; down=\u00a0\u00bb15&Prime;]<div class='q_icon_with_title tiny normal_icon left_from_title qode_iwt_hover_enabled '><div class=\"icon_text_holder\" style=\"\"><div class=\"icon_text_inner\" style=\"\"><div class=\"icon_title_holder\"><div class=\"icon_holder q_icon_animation\" style=\" \"><a itemprop=\"url\" href=\"https:\/\/dopladebages.com\/wp-content\/uploads\/2023\/02\/Directori-de-cellers-2023.pdf\" target=\"_blank\" class=\"q_icon_link\"><span data-icon-type=\"normal\"   style=\"\" class=\"qode_iwt_icon_holder q_font_awsome_icon fa-lg  \"><i class=\"qode_icon_font_awesome fa fa-file-pdf-o qode_iwt_icon_element\" style=\"\" ><\/i><\/span><\/a><\/div><h5 class=\"icon_title\" style=\"\">T\u00e9l\u00e9charger un dossier avec l&apos;annuaire des caves<\/h5><\/div><p style=''><\/p><a itemprop='url' class='icon_with_title_link' href='https:\/\/dopladebages.com\/wp-content\/uploads\/2023\/02\/Directori-de-cellers-2023.pdf' target='_blank' style=''> T\u00e9l\u00e9charger un fichier pdf<\/a><\/div><\/div><\/div>[vc_separator type=\u00a0\u00bbtransparent\u00a0\u00bb up=\u00a0\u00bb10&Prime; down=\u00a0\u00bb15&Prime;][\/vc_column][\/vc_row]<\/p>\n<\/div>","protected":false},"excerpt":{"rendered":"<p>[vc_row css_animation=\u00a0\u00bb\u00a0\u00bb row_type=\u00a0\u00bbrow\u00a0\u00bb use_row_as_full_screen_section=\u00a0\u00bbno\u00a0\u00bb type=\u00a0\u00bbgrid\u00a0\u00bb angled_section=\u00a0\u00bbno\u00a0\u00bb text_align=\u00a0\u00bbleft\u00a0\u00bb background_image_as_pattern=\u00a0\u00bbwithout_pattern\u00a0\u00bb background_color=\u00a0\u00bb#ffffff\u00a0\u00bb padding_top=\u00a0\u00bb82&Prime; padding_bottom=\u00a0\u00bb0&Prime; z_index=\u00a0\u00bb\u00a0\u00bb][vc_column css=\u00a0\u00bb.vc_custom_1552472649063{padding-top: 20px !important;}\u00a0\u00bb][vc_column_text css=\u00a0\u00bb.vc_custom_1552472656428{margin-top: 60px !important;}\u00a0\u00bb] Caves [\/vc_column_text][vc_separator type=\u00a0\u00bbsmall\u00a0\u00bb position=\u00a0\u00bbcenter\u00a0\u00bb up=\u00a0\u00bb20&Prime; down=\u00a0\u00bb20&Prime;][vc_column_text]L&rsquo;Appellation d&rsquo;Origine Pla de Bages regroupe des caves h\u00e9riti\u00e8res de la longue tradition viticole qui fut, au XIXe si\u00e8cle, la r\u00e9gion la&#8230;<\/p>\n","protected":false},"author":1,"featured_media":0,"parent":0,"menu_order":0,"comment_status":"open","ping_status":"closed","template":"full_width.php","meta":{"_monsterinsights_skip_tracking":false,"_monsterinsights_sitenote_active":false,"_monsterinsights_sitenote_note":"","_monsterinsights_sitenote_category":0,"footnotes":""},"class_list":["post-24457","page","type-page","status-publish","hentry"],"_links":{"self":[{"href":"https:\/\/dopladebages.com\/fr\/wp-json\/wp\/v2\/pages\/24457","targetHints":{"allow":["GET"]}}],"collection":[{"href":"https:\/\/dopladebages.com\/fr\/wp-json\/wp\/v2\/pages"}],"about":[{"href":"https:\/\/dopladebages.com\/fr\/wp-json\/wp\/v2\/types\/page"}],"author":[{"embeddable":true,"href":"https:\/\/dopladebages.com\/fr\/wp-json\/wp\/v2\/users\/1"}],"replies":[{"embeddable":true,"href":"https:\/\/dopladebages.com\/fr\/wp-json\/wp\/v2\/comments?post=24457"}],"version-history":[{"count":0,"href":"https:\/\/dopladebages.com\/fr\/wp-json\/wp\/v2\/pages\/24457\/revisions"}],"wp:attachment":[{"href":"https:\/\/dopladebages.com\/fr\/wp-json\/wp\/v2\/media?parent=24457"}],"curies":[{"name":"wp","href":"https:\/\/api.w.org\/{rel}","templated":true}]}}