{"id":22126,"date":"2021-04-08T12:29:30","date_gmt":"2021-04-08T10:29:30","guid":{"rendered":"https:\/\/dopladebages.com\/el-consejo-regulador\/"},"modified":"2024-10-25T12:13:44","modified_gmt":"2024-10-25T10:13:44","slug":"el-consejo-regulador","status":"publish","type":"page","link":"https:\/\/dopladebages.com\/es\/el-consejo-regulador\/","title":{"rendered":"El consejo regulador"},"content":{"rendered":"<div class=\"wpb-content-wrapper\"><p>[vc_row css_animation=\u00bb\u00bb row_type=\u00bbrow\u00bb use_row_as_full_screen_section=\u00bbno\u00bb type=\u00bbgrid\u00bb angled_section=\u00bbno\u00bb text_align=\u00bbleft\u00bb background_image_as_pattern=\u00bbwithout_pattern\u00bb anchor=\u00bbportfolio\u00bb background_color=\u00bb#ffffff\u00bb padding_top=\u00bb82&#8243; padding_bottom=\u00bb0&#8243;][vc_column][vc_separator type=\u00bbtransparent\u00bb up=\u00bb12&#8243; down=\u00bb0&#8243;][vc_column_text]<\/p>\n<h2 style=\"text-align: center;\">El consejo regulador<\/h2>\n<p>[\/vc_column_text][vc_separator type=\u00bbtransparent\u00bb up=\u00bb12&#8243; down=\u00bb0&#8243;][vc_separator type=\u00bbtransparent\u00bb up=\u00bb12&#8243; down=\u00bb0&#8243;][vc_separator type=\u00bbsmall\u00bb position=\u00bbcenter\u00bb up=\u00bb17&#8243; down=\u00bb0&#8243;][vc_separator type=\u00bbtransparent\u00bb up=\u00bb12&#8243; down=\u00bb0&#8243;][vc_separator type=\u00bbtransparent\u00bb up=\u00bb12&#8243; down=\u00bb0&#8243;][vc_column_text]El reconocimiento a la calidad de los vinos de nuestra comarca lleg\u00f3 en 1995 con la creaci\u00f3n de la Denominaci\u00f3n de Origen Pla de Bages, que impuls\u00f3 un nuevo resurgimiento.<\/p>\n<p>Entre las bodegas que hoy la integran la DO se encuentran estirpes de viticultores, cooperativas centenarias y peque\u00f1os proyectos familiares. Uno de los logros colectivos m\u00e1s destacables es la puesta en valor de las variedades aut\u00f3ctonas del territorio, como la picapoll blanca y negra, la sumoll y la mand\u00f3.[\/vc_column_text][vc_separator type=\u00bbtransparent\u00bb up=\u00bb12&#8243; down=\u00bb0&#8243;][vc_separator type=\u00bbsmall\u00bb position=\u00bbcenter\u00bb up=\u00bb17&#8243; down=\u00bb0&#8243;][\/vc_column][\/vc_row][vc_row css_animation=\u00bb\u00bb row_type=\u00bbrow\u00bb use_row_as_full_screen_section=\u00bbno\u00bb type=\u00bbgrid\u00bb angled_section=\u00bbno\u00bb text_align=\u00bbleft\u00bb background_image_as_pattern=\u00bbwithout_pattern\u00bb anchor=\u00bbportfolio\u00bb background_color=\u00bb#ffffff\u00bb padding_top=\u00bb50&#8243; z_index=\u00bb\u00bb][vc_column][vc_single_image image=\u00bb24412&#8243; img_size=\u00bbfull\u00bb alignment=\u00bbcenter\u00bb qode_css_animation=\u00bb\u00bb][vc_separator type=\u00bbtransparent\u00bb up=\u00bb60&#8243; down=\u00bb0&#8243;][vc_column_text]<\/p>\n<h3 class=\"mi lletra-normal gris2\" style=\"text-align: center;\">ORGANIGRAMA Y FUNCIONES<\/h3>\n<p>[\/vc_column_text][vc_separator type=\u00bbsmall\u00bb position=\u00bbcenter\u00bb up=\u00bb17&#8243; down=\u00bb60&#8243;][vc_row_inner row_type=\u00bbrow\u00bb type=\u00bbgrid\u00bb text_align=\u00bbleft\u00bb css_animation=\u00bb\u00bb][vc_column_inner width=\u00bb1\/2&#8243;][vc_column_text css=\u00bb.vc_custom_1690197103397{margin-bottom: 60px !important;}\u00bb]<\/p>\n<p style=\"text-align: center;\"><strong>Presidente<\/strong><\/p>\n<p style=\"text-align: center;\">Sr. Carles Play\u00e0 Maset<\/p>\n<p>&nbsp;<\/p>\n<p style=\"text-align: center;\"><strong>Vicepresidente<\/strong><\/p>\n<p style=\"text-align: center;\">Sr. Josep Maria Claret Ballar\u00e0<\/p>\n<p>&nbsp;<\/p>\n<p style=\"text-align: center;\"><strong> Vocals<\/strong><\/p>\n<p style=\"text-align: center;\">Sr. Jordi Crusellas Alberch<\/p>\n<p style=\"text-align: center;\">Sr. Jes\u00fas Fonts Bosch<\/p>\n<p style=\"text-align: center;\">Sr. Ramon Roqueta Segal\u00e9s<\/p>\n<p style=\"text-align: center;\">Sr. Oriol Garriga i Solsona<\/p>\n<p style=\"text-align: center;\">Sra. Anna Berenguer Badia<\/p>\n<p style=\"text-align: center;\">Sr. Joan Soler i Play\u00e0<\/p>\n<p style=\"text-align: center;\">Sr. Josep Solergibert Serra<\/p>\n<p style=\"text-align: center;\">Sr. Francesc Margenat Trias<\/p>\n<p style=\"text-align: center;\">Sr. Xavier Agell Tuser<\/p>\n<p style=\"text-align: center;\">Sra. Teresa Costa Francitorra<\/p>\n<p>&nbsp;<\/p>\n<p class=\"punt-esquerre-taronja negre lletra-gran2\" style=\"text-align: center;\"><strong>T\u00e9cnico en\u00f3logo<\/strong><\/p>\n<p style=\"text-align: center;\">Sr. Miquel Palau N\u00fa\u00f1ez<\/p>\n<p>[\/vc_column_text][\/vc_column_inner][vc_column_inner width=\u00bb1\/2&#8243;][vc_column_text css=\u00bb.vc_custom_1687250930782{margin-bottom: 60px !important;}\u00bb]<\/p>\n<p class=\"punt-esquerre-taronja negre lletra-gran2 interlineat2\" style=\"text-align: center;\"><strong>Secretaria del Consejo Regulador,<\/strong><br \/>\n<strong>el Comit\u00e9 de Cata y la Junta Electoral<\/strong><\/p>\n<p style=\"text-align: center;\">Sra. Eva Farr\u00e9 Fustagueras<\/p>\n<p>&nbsp;<\/p>\n<p style=\"text-align: center;\"><strong>Responsable de comunicaci\u00f3<\/strong><\/p>\n<p style=\"text-align: center;\"><strong>i m\u00e0rqueting<\/strong><\/p>\n<p style=\"text-align: center;\">Sra. J\u00falia Cano D\u00edaz<\/p>\n<p>&nbsp;<\/p>\n<p class=\"punt-esquerre-taronja negre lletra-gran2\" style=\"text-align: center;\"><strong>Comit\u00e9 de Cata<\/strong><\/p>\n<p style=\"text-align: center;\">Sr. Jaume Pont Alegre (coordinador)<\/p>\n<p style=\"text-align: center;\">Sra. Pilar Garcia Comas<\/p>\n<p style=\"text-align: center;\">Sr. Josep Pelegr\u00edn Comellas<\/p>\n<p style=\"text-align: center;\">Sr. Joan Sala Pellar\u00e8s<\/p>\n<p style=\"text-align: center;\">Sr. Joan Francesc Balti\u00e9rrez Alier<\/p>\n<p style=\"text-align: center;\">Sra. Carme Domingo Gustems<\/p>\n<div style=\"text-align: center;\">Sra. S\u00edlvia Culell Vilanova<\/div>\n<div><\/div>\n<div style=\"text-align: center;\">Sra. Anna Castillo Poza<\/div>\n<div><\/div>\n<div style=\"text-align: center;\">Sra. Irene Cozas Prieto<\/div>\n<div style=\"text-align: center;\">\n<div><\/div>\n<div style=\"text-align: center;\">Sr. Eduard Cucurella<\/div>\n<div><\/div>\n<div style=\"text-align: center;\">Sr. Josep Rivera<\/div>\n<\/div>\n<p>[\/vc_column_text][\/vc_column_inner][\/vc_row_inner][\/vc_column][\/vc_row][vc_row css_animation=\u00bb\u00bb row_type=\u00bbrow\u00bb use_row_as_full_screen_section=\u00bbno\u00bb type=\u00bbgrid\u00bb angled_section=\u00bbno\u00bb text_align=\u00bbleft\u00bb background_image_as_pattern=\u00bbwithout_pattern\u00bb][vc_column][vc_column_text]<br \/>\n[\/vc_column_text][\/vc_column][\/vc_row][vc_row css_animation=\u00bb\u00bb row_type=\u00bbrow\u00bb use_row_as_full_screen_section=\u00bbno\u00bb type=\u00bbgrid\u00bb angled_section=\u00bbno\u00bb text_align=\u00bbleft\u00bb background_image_as_pattern=\u00bbwithout_pattern\u00bb z_index=\u00bb\u00bb][vc_column][vc_separator type=\u00bbtransparent\u00bb up=\u00bb12&#8243;][vc_column_text]<\/p>\n<h3 style=\"text-align: center;\">LEGISLACI\u00d3N<\/h3>\n<p>[\/vc_column_text][vc_separator type=\u00bbsmall\u00bb position=\u00bbcenter\u00bb up=\u00bb17&#8243; down=\u00bb60&#8243;][\/vc_column][\/vc_row][vc_row css_animation=\u00bb\u00bb row_type=\u00bbrow\u00bb use_row_as_full_screen_section=\u00bbno\u00bb type=\u00bbgrid\u00bb angled_section=\u00bbno\u00bb text_align=\u00bbleft\u00bb background_image_as_pattern=\u00bbwithout_pattern\u00bb z_index=\u00bb\u00bb][vc_column][vc_column_text]<\/p>\n<h5 style=\"text-align: left;\">Especificaciones de las condiciones de la denominaci\u00f3n de origen protegida Pla de Bages<\/h5>\n<p>[\/vc_column_text][vc_separator type=\u00bbnormal\u00bb up=\u00bb12&#8243; down=\u00bb20&#8243;]<div class='q_icon_with_title tiny normal_icon qode_iwt_hover_enabled '><div class=\"icon_holder q_icon_animation\" style=\" \"><a itemprop=\"url\" href=\"https:\/\/dopladebages.com\/wp-content\/uploads\/2024\/06\/DO-Pla-de-Bages-proposta-canvis-2023-v6.pdf\" target=\"_blank\" class=\"q_icon_link\"><span data-icon-type=\"normal\"   style=\"\" class=\"qode_iwt_icon_holder q_font_awsome_icon fa-lg  \"><i class=\"qode_icon_font_awesome fa fa-file-pdf-o qode_iwt_icon_element\" style=\"\" ><\/i><\/span><\/a><\/div><div class=\"icon_text_holder\" style=\"\"><div class=\"icon_text_inner\" style=\"\"><h5 class=\"icon_title\" style=\"font-weight: 400;\">Especificaciones de las condiciones DO Pla de Bages<\/h5><p style=''><\/p><a itemprop='url' class='icon_with_title_link' href='https:\/\/dopladebages.com\/wp-content\/uploads\/2024\/06\/DO-Pla-de-Bages-proposta-canvis-2023-v6.pdf' target='_blank' style=''>Read More<\/a><\/div><\/div><\/div>[vc_separator type=\u00bbtransparent\u00bb up=\u00bb12&#8243; down=\u00bb20&#8243;][\/vc_column][\/vc_row][vc_row css_animation=\u00bb\u00bb row_type=\u00bbrow\u00bb use_row_as_full_screen_section=\u00bbno\u00bb type=\u00bbgrid\u00bb angled_section=\u00bbno\u00bb text_align=\u00bbleft\u00bb background_image_as_pattern=\u00bbwithout_pattern\u00bb][vc_column][vc_column_text]<\/p>\n<h5 class=\"mi lletra-normal gris2\" style=\"text-align: left;\">REGULACI\u00d3N DO PLA DE BAGES<\/h5>\n<p>[\/vc_column_text][vc_separator type=\u00bbnormal\u00bb up=\u00bb12&#8243; down=\u00bb20&#8243;]<div class='q_icon_with_title tiny normal_icon qode_iwt_hover_enabled '><div class=\"icon_holder q_icon_animation\" style=\" \"><a itemprop=\"url\" href=\"https:\/\/dopladebages.com\/wp-content\/uploads\/2019\/01\/reglament-do-pla-de-bages.pdf\" target=\"_blank\" class=\"q_icon_link\"><span data-icon-type=\"normal\"   style=\"\" class=\"qode_iwt_icon_holder q_font_awsome_icon fa-lg  \"><i class=\"qode_icon_font_awesome fa fa-file-pdf-o qode_iwt_icon_element\" style=\"\" ><\/i><\/span><\/a><\/div><div class=\"icon_text_holder\" style=\"\"><div class=\"icon_text_inner\" style=\"\"><h5 class=\"icon_title\" style=\"font-weight: 400;\">ARP\/61\/2006, de 17 de febrero, por el que se aprueba el reglamento de la denominaci\u00f3n de origen Pla de Bages<\/h5><p style=''><\/p><a itemprop='url' class='icon_with_title_link' href='https:\/\/dopladebages.com\/wp-content\/uploads\/2019\/01\/reglament-do-pla-de-bages.pdf' target='_blank' style=''>Read More<\/a><\/div><\/div><\/div>[vc_separator type=\u00bbtransparent\u00bb up=\u00bb12&#8243; down=\u00bb20&#8243;][\/vc_column][\/vc_row][vc_row css_animation=\u00bb\u00bb row_type=\u00bbrow\u00bb use_row_as_full_screen_section=\u00bbno\u00bb type=\u00bbgrid\u00bb angled_section=\u00bbno\u00bb text_align=\u00bbleft\u00bb background_image_as_pattern=\u00bbwithout_pattern\u00bb z_index=\u00bb\u00bb][vc_column][vc_column_text]<\/p>\n<h5 class=\"mi lletra-normal gris2\" style=\"text-align: left;\">DECRETO<\/h5>\n<p>[\/vc_column_text][vc_separator type=\u00bbnormal\u00bb up=\u00bb12&#8243; down=\u00bb20&#8243;]<div class='q_icon_with_title tiny normal_icon qode_iwt_hover_enabled '><div class=\"icon_holder q_icon_animation\" style=\" \"><a itemprop=\"url\" href=\"https:\/\/dopladebages.com\/wp-content\/uploads\/2019\/01\/decret474-2004.pdf\" target=\"_blank\" class=\"q_icon_link\"><span data-icon-type=\"normal\"   style=\"\" class=\"qode_iwt_icon_holder q_font_awsome_icon fa-lg  \"><i class=\"qode_icon_font_awesome fa fa-file-pdf-o qode_iwt_icon_element\" style=\"\" ><\/i><\/span><\/a><\/div><div class=\"icon_text_holder\" style=\"\"><div class=\"icon_text_inner\" style=\"\"><h5 class=\"icon_title\" style=\"font-weight: 400;\">474\/2004, de 28 de diciembre, por la que se desarrolla la ley 15\/2202, de 27 de junio, de ordenaci\u00f3n vitivin\u00edcola.<\/h5><p style=''><\/p><a itemprop='url' class='icon_with_title_link' href='https:\/\/dopladebages.com\/wp-content\/uploads\/2019\/01\/decret474-2004.pdf' target='_blank' style=''>Read More<\/a><\/div><\/div><\/div>[vc_separator type=\u00bbtransparent\u00bb up=\u00bb12&#8243; down=\u00bb20&#8243;][\/vc_column][\/vc_row][vc_row css_animation=\u00bb\u00bb row_type=\u00bbrow\u00bb use_row_as_full_screen_section=\u00bbno\u00bb type=\u00bbgrid\u00bb angled_section=\u00bbno\u00bb text_align=\u00bbleft\u00bb background_image_as_pattern=\u00bbwithout_pattern\u00bb][vc_column][vc_column_text]<\/p>\n<h5 class=\"mi lletra-normal gris2\" style=\"text-align: left;\">LEY 24\/2003, de 10 de julio, de la Vi\u00f1a y del Vino.<\/h5>\n<p>[\/vc_column_text][vc_separator type=\u00bbnormal\u00bb up=\u00bb12&#8243; down=\u00bb20&#8243;]<div class='q_icon_with_title tiny normal_icon qode_iwt_hover_enabled '><div class=\"icon_holder q_icon_animation\" style=\" \"><a itemprop=\"url\" href=\"https:\/\/dopladebages.com\/wp-content\/uploads\/2019\/01\/ley24_2003.pdf\" target=\"_blank\" class=\"q_icon_link\"><span data-icon-type=\"normal\"   style=\"\" class=\"qode_iwt_icon_holder q_font_awsome_icon fa-lg  \"><i class=\"qode_icon_font_awesome fa fa-file-pdf-o qode_iwt_icon_element\" style=\"\" ><\/i><\/span><\/a><\/div><div class=\"icon_text_holder\" style=\"\"><div class=\"icon_text_inner\" style=\"\"><h5 class=\"icon_title\" style=\"font-weight: 400;\">Publicada en el BOE, el viernes 11 de julio de 2003<\/h5><p style=''><\/p><a itemprop='url' class='icon_with_title_link' href='https:\/\/dopladebages.com\/wp-content\/uploads\/2019\/01\/ley24_2003.pdf' target='_blank' style=''>Read More<\/a><\/div><\/div><\/div>[vc_separator type=\u00bbtransparent\u00bb up=\u00bb12&#8243; down=\u00bb20&#8243;][\/vc_column][\/vc_row][vc_row css_animation=\u00bb\u00bb row_type=\u00bbrow\u00bb use_row_as_full_screen_section=\u00bbno\u00bb type=\u00bbgrid\u00bb angled_section=\u00bbno\u00bb text_align=\u00bbleft\u00bb background_image_as_pattern=\u00bbwithout_pattern\u00bb][vc_column][vc_column_text]<\/p>\n<h5 class=\"mi lletra-normal gris2\" style=\"text-align: left;\">LEY 15\/2002, de 27 de junio, de ordenaci\u00f3n vitivin\u00edcola (\u00abBOE\u00bb 177, de 25\/7\/2002)<\/h5>\n<p>[\/vc_column_text][vc_separator type=\u00bbnormal\u00bb up=\u00bb12&#8243; down=\u00bb20&#8243;]<div class='q_icon_with_title tiny normal_icon qode_iwt_hover_enabled '><div class=\"icon_holder q_icon_animation\" style=\" \"><a itemprop=\"url\" href=\"https:\/\/dopladebages.com\/wp-content\/uploads\/2019\/01\/llei15_2002.pdf\" target=\"_blank\" class=\"q_icon_link\"><span data-icon-type=\"normal\"   style=\"\" class=\"qode_iwt_icon_holder q_font_awsome_icon fa-lg  \"><i class=\"qode_icon_font_awesome fa fa-file-pdf-o qode_iwt_icon_element\" style=\"\" ><\/i><\/span><\/a><\/div><div class=\"icon_text_holder\" style=\"\"><div class=\"icon_text_inner\" style=\"\"><h5 class=\"icon_title\" style=\"font-weight: 400;\">Publicada en el &quot;Diari Oficial de la Generalitat de Catalunya&quot; n\u00famero 3673, de 9 de julio de 2002<\/h5><p style=''><\/p><a itemprop='url' class='icon_with_title_link' href='https:\/\/dopladebages.com\/wp-content\/uploads\/2019\/01\/llei15_2002.pdf' target='_blank' style=''>Read More<\/a><\/div><\/div><\/div>[vc_separator type=\u00bbtransparent\u00bb up=\u00bb12&#8243; down=\u00bb20&#8243;][\/vc_column][\/vc_row][vc_row css_animation=\u00bb\u00bb row_type=\u00bbrow\u00bb use_row_as_full_screen_section=\u00bbno\u00bb type=\u00bbgrid\u00bb angled_section=\u00bbno\u00bb text_align=\u00bbleft\u00bb background_image_as_pattern=\u00bbwithout_pattern\u00bb][vc_column][vc_column_text]<\/p>\n<h5 class=\"mi lletra-normal gris2\" style=\"text-align: left;\">ORDEN<\/h5>\n<p>[\/vc_column_text][vc_separator type=\u00bbnormal\u00bb up=\u00bb12&#8243; down=\u00bb20&#8243;]<div class='q_icon_with_title tiny normal_icon qode_iwt_hover_enabled '><div class=\"icon_holder q_icon_animation\" style=\" \"><a itemprop=\"url\" href=\"https:\/\/dopladebages.com\/wp-content\/uploads\/2019\/01\/ordre251-2007.pdf\" target=\"_blank\" class=\"q_icon_link\"><span data-icon-type=\"normal\"   style=\"\" class=\"qode_iwt_icon_holder q_font_awsome_icon fa-lg  \"><i class=\"qode_icon_font_awesome fa fa-file-pdf-o qode_iwt_icon_element\" style=\"\" ><\/i><\/span><\/a><\/div><div class=\"icon_text_holder\" style=\"\"><div class=\"icon_text_inner\" style=\"\"><h5 class=\"icon_title\" style=\"font-weight: 400;\">AAR\/251\/2007, de 4 de julio, por la que se regula el control de la producci\u00f3n vit\u00edcola mediante la tarjeta vit\u00edcola \u00fanica.<\/h5><p style=''><\/p><a itemprop='url' class='icon_with_title_link' href='https:\/\/dopladebages.com\/wp-content\/uploads\/2019\/01\/ordre251-2007.pdf' target='_blank' style=''>Read More<\/a><\/div><\/div><\/div>[vc_separator type=\u00bbtransparent\u00bb up=\u00bb12&#8243; down=\u00bb20&#8243;][\/vc_column][\/vc_row]<\/p>\n<\/div>","protected":false},"excerpt":{"rendered":"<p>[vc_row css_animation=\u00bb\u00bb row_type=\u00bbrow\u00bb use_row_as_full_screen_section=\u00bbno\u00bb type=\u00bbgrid\u00bb angled_section=\u00bbno\u00bb text_align=\u00bbleft\u00bb background_image_as_pattern=\u00bbwithout_pattern\u00bb anchor=\u00bbportfolio\u00bb background_color=\u00bb#ffffff\u00bb padding_top=\u00bb82&#8243; padding_bottom=\u00bb0&#8243;][vc_column][vc_separator type=\u00bbtransparent\u00bb up=\u00bb12&#8243; down=\u00bb0&#8243;][vc_column_text] El consejo regulador [\/vc_column_text][vc_separator type=\u00bbtransparent\u00bb up=\u00bb12&#8243; down=\u00bb0&#8243;][vc_separator type=\u00bbtransparent\u00bb up=\u00bb12&#8243; down=\u00bb0&#8243;][vc_separator type=\u00bbsmall\u00bb position=\u00bbcenter\u00bb up=\u00bb17&#8243; down=\u00bb0&#8243;][vc_separator type=\u00bbtransparent\u00bb up=\u00bb12&#8243; down=\u00bb0&#8243;][vc_separator type=\u00bbtransparent\u00bb up=\u00bb12&#8243; down=\u00bb0&#8243;][vc_column_text]El reconocimiento a la calidad de los vinos de nuestra comarca&#8230;<\/p>\n","protected":false},"author":1,"featured_media":0,"parent":0,"menu_order":0,"comment_status":"open","ping_status":"closed","template":"full_width.php","meta":{"_monsterinsights_skip_tracking":false,"_monsterinsights_sitenote_active":false,"_monsterinsights_sitenote_note":"","_monsterinsights_sitenote_category":0,"footnotes":""},"class_list":["post-22126","page","type-page","status-publish","hentry"],"_links":{"self":[{"href":"https:\/\/dopladebages.com\/es\/wp-json\/wp\/v2\/pages\/22126","targetHints":{"allow":["GET"]}}],"collection":[{"href":"https:\/\/dopladebages.com\/es\/wp-json\/wp\/v2\/pages"}],"about":[{"href":"https:\/\/dopladebages.com\/es\/wp-json\/wp\/v2\/types\/page"}],"author":[{"embeddable":true,"href":"https:\/\/dopladebages.com\/es\/wp-json\/wp\/v2\/users\/1"}],"replies":[{"embeddable":true,"href":"https:\/\/dopladebages.com\/es\/wp-json\/wp\/v2\/comments?post=22126"}],"version-history":[{"count":0,"href":"https:\/\/dopladebages.com\/es\/wp-json\/wp\/v2\/pages\/22126\/revisions"}],"wp:attachment":[{"href":"https:\/\/dopladebages.com\/es\/wp-json\/wp\/v2\/media?parent=22126"}],"curies":[{"name":"wp","href":"https:\/\/api.w.org\/{rel}","templated":true}]}}